{"id":2860,"date":"2019-05-27T14:32:28","date_gmt":"2019-05-27T12:32:28","guid":{"rendered":"https:\/\/www.orthomanufacture.com\/2020\/?page_id=2860"},"modified":"2020-04-30T16:20:22","modified_gmt":"2020-04-30T14:20:22","slug":"conferences","status":"publish","type":"page","link":"https:\/\/www.orthomanufacture.com\/2020\/fr\/conferences\/","title":{"rendered":"Programme des conf\u00e9rences"},"content":{"rendered":"\n<ul class=\"wp-block-gallery aligncenter columns-1 is-cropped wp-block-gallery-1 is-layout-flex wp-block-gallery-is-layout-flex\"><li class=\"blocks-gallery-item\"><figure><img loading=\"lazy\" decoding=\"async\" width=\"912\" height=\"238\" src=\"https:\/\/www.orthomanufacture.com\/2020\/wp-content\/uploads\/sites\/7\/2019\/10\/Banner-MtE-REVUE-OV-15-10-2019.jpg\" alt=\"\" data-id=\"3269\" class=\"wp-image-3269\" srcset=\"https:\/\/www.orthomanufacture.com\/2020\/wp-content\/uploads\/sites\/7\/2019\/10\/Banner-MtE-REVUE-OV-15-10-2019.jpg 912w, https:\/\/www.orthomanufacture.com\/2020\/wp-content\/uploads\/sites\/7\/2019\/10\/Banner-MtE-REVUE-OV-15-10-2019-300x78.jpg 300w, https:\/\/www.orthomanufacture.com\/2020\/wp-content\/uploads\/sites\/7\/2019\/10\/Banner-MtE-REVUE-OV-15-10-2019-768x200.jpg 768w, https:\/\/www.orthomanufacture.com\/2020\/wp-content\/uploads\/sites\/7\/2019\/10\/Banner-MtE-REVUE-OV-15-10-2019-600x157.jpg 600w\" sizes=\"auto, (max-width: 912px) 100vw, 912px\" \/><\/figure><\/li><\/ul>\n\n\n\n<div class=\"wp-block-image\"><figure class=\"aligncenter is-resized\"><a href=\"https:\/\/www.rms-foundation.ch\/en\/research\/technology-transfer\/meet-the-expert-implants-2021.html\" target=\"_blank\" rel=\"noreferrer noopener\"><img loading=\"lazy\" decoding=\"async\" src=\"https:\/\/www.orthomanufacture.com\/2020\/wp-content\/uploads\/sites\/7\/2019\/10\/Logo-MtE-1-1024x216.jpg\" alt=\"\" class=\"wp-image-3421\" width=\"176\" height=\"37\" \/><\/a><\/figure><\/div>\n\n\n\n<p style=\"text-align:center\">Durant 1 jour et demi, le <strong>28 avril&nbsp;toute la journ\u00e9e et le 29 avril le matin<\/strong>,&nbsp;vous pourrez assister&nbsp;\u00e0 des <strong>conf\u00e9rences de haut niveau scientifique et technique<\/strong> qui accueilleront <strong>des intervenants ind\u00e9pendants<\/strong>  : chirurgiens, chercheurs et industriels innovants. Ces pr\u00e9sentations  techniques et t\u00e9moignages vous&nbsp;aideront \u00e0 faire vos choix parmi les  avanc\u00e9es th\u00e9rapeutiques et les possibilit\u00e9s techniques r\u00e9elles avec  leurs limites et leurs obligations r\u00e9glementaires.<\/p>\n\n\n\n<div class=\"wp-block-columns has-2-columns is-layout-flex wp-container-core-columns-is-layout-9d6595d7 wp-block-columns-is-layout-flex\">\n<div class=\"wp-block-column is-layout-flow wp-block-column-is-layout-flow\">\n<div class=\"wp-block-image\"><figure class=\"aligncenter\"><img loading=\"lazy\" decoding=\"async\" width=\"364\" height=\"285\" src=\"https:\/\/www.orthomanufacture.com\/2020\/wp-content\/uploads\/sites\/7\/2019\/10\/SALLE-CONF.png\" alt=\"\" class=\"wp-image-3468\" srcset=\"https:\/\/www.orthomanufacture.com\/2020\/wp-content\/uploads\/sites\/7\/2019\/10\/SALLE-CONF.png 364w, https:\/\/www.orthomanufacture.com\/2020\/wp-content\/uploads\/sites\/7\/2019\/10\/SALLE-CONF-300x235.png 300w\" sizes=\"auto, (max-width: 364px) 100vw, 364px\" \/><\/figure><\/div>\n<\/div>\n\n\n\n<div class=\"wp-block-column is-layout-flow wp-block-column-is-layout-flow\">\n<div class=\"wp-block-image\"><figure class=\"aligncenter is-resized\"><img loading=\"lazy\" decoding=\"async\" src=\"https:\/\/www.orthomanufacture.com\/2020\/wp-content\/uploads\/sites\/7\/2019\/10\/PALAIS-DES-CONGRES.png\" alt=\"\" class=\"wp-image-3463\" width=\"304\" height=\"269\" srcset=\"https:\/\/www.orthomanufacture.com\/2020\/wp-content\/uploads\/sites\/7\/2019\/10\/PALAIS-DES-CONGRES.png 361w, https:\/\/www.orthomanufacture.com\/2020\/wp-content\/uploads\/sites\/7\/2019\/10\/PALAIS-DES-CONGRES-300x266.png 300w\" sizes=\"auto, (max-width: 304px) 100vw, 304px\" \/><\/figure><\/div>\n<\/div>\n<\/div>\n\n\n\n<h4 class=\"wp-block-heading\" style=\"text-align:center\"><strong>Le programme des conf\u00e9rences 2021 n&rsquo;est pas encore confirm\u00e9 mais sera proche de celui pr\u00e9vu pour 2020. C<\/strong>onsultez-le :<\/h4>\n\n\n\n<div class=\"wp-block-file alignfull\"><a href=\"https:\/\/www.orthomanufacture.com\/2020\/wp-content\/uploads\/sites\/7\/2020\/02\/MtE2020_Program-02-2020.pdf\" target=\"_blank\" rel=\"noreferrer noopener\">[MEET THE EXPERT] Programme 2020<\/a><\/div>\n\n\n\n<div style=\"height:20px\" aria-hidden=\"true\" class=\"wp-block-spacer\"><\/div>\n\n\n\n<h5 class=\"wp-block-heading\"> <strong>Notre comit\u00e9 scientifique 2021 :<\/strong> <\/h5>\n\n\n<div class=\"wp-block-ugb-team-member ugb-team-member ugb-team-member--v2 ugb-team-member--columns-3 ugb-team-member--image-circle ugb-team-member--design-basic\">\n<div class=\"ugb-team-member__item\">\n<div class=\"ugb-team-member__content\">Dr. Lukas Eschbach <br>PhD \/ MSc ETH \/ EMBA BFH<br>RMS Foundation<br>Head of the Materials Group, Member of the executive board<\/div>\n<\/div>\n<div class=\"ugb-team-member__item\">\n<div class=\"ugb-team-member__content\">\n<p class=\"ugb-team-member__description\">Dr. Simon Berner<br>PhD Physics<\/p>\n<p>Medicoat AG<br>Head of Research and Development<\/p>\n<\/div>\n<\/div>\n<\/div>\n<div class=\"wp-block-ugb-team-member ugb-team-member ugb-team-member--v2 ugb-team-member--columns-3 ugb-team-member--image-circle ugb-team-member--design-basic\">\n<div class=\"ugb-team-member__item\">\n<div class=\"ugb-team-member__content\">Francisco Faoro<br>Mechanical Engineer; Executive BBA in Economics<br>Institut Straumann AG<br>Head R&amp;D<\/div>\n<\/div>\n<div class=\"ugb-team-member__item\">\n<div class=\"ugb-team-member__content\">\n<p>PD Dr. habil. Christiane Jung<\/p>\n<p>Diploma Chemist<\/p>\n<p>KKS Ultraschall AG, Ultrasonic technology &amp; Surface refinement<\/p>\n<p>Medical Surface Center<\/p>\n<p class=\"ugb-team-member__position\">Senior Scientist R&amp;D<\/p>\n<\/div>\n<\/div>\n<\/div>\n<div class=\"wp-block-ugb-team-member ugb-team-member ugb-team-member--v2 ugb-team-member--columns-3 ugb-team-member--image-circle ugb-team-member--design-basic\">\n<div class=\"ugb-team-member__item\">\n<div class=\"ugb-team-member__content\">Dr. Martin St\u00f6ckli<br>Mechanical Engineer &#8211; Master Black Belt Lean Six Sigma<br>Inspire AG<br>COO<\/div>\n<\/div>\n<div class=\"ugb-team-member__item\">\n<div class=\"ugb-team-member__content\">\n<p>Prof. Dr. Michael de Wild<\/p>\n<p>University of Applied Sciences Northwestern Switzerland, FHNW<\/p>\n<p>Group Leader Functional Materials and Surfaces<\/p>\n<\/div>\n<\/div>\n<\/div>\n<div class=\"wp-block-ugb-team-member ugb-team-member ugb-team-member--v2 ugb-team-member--columns-3 ugb-team-member--image-circle ugb-team-member--design-basic\">\n<div class=\"ugb-team-member__item\">\n<div class=\"ugb-team-member__content\">Dr. Jean Geringer<br>HDR Ma\u00eetre assistant<br>Mines Saint-Etienne<br>INSERM U1059<\/div>\n<\/div>\n<div class=\"ugb-team-member__item\">\n<div class=\"ugb-team-member__content\">\n<p>Professor Fr\u00e9d\u00e9ric Farizon<\/p>\n<p>Head of Service<br>Orthopedic and Traumatological Surgery<br>Saint Etienne University Hospital<br>Member of INSERM\/SAINBIOSE U1050<\/p>\n<\/div>\n<\/div>\n<\/div>","protected":false},"excerpt":{"rendered":"<p>Durant 1 jour et demi, le 28 avril&nbsp;toute la journ\u00e9e et le 29 avril le matin,&nbsp;vous pourrez assister&nbsp;\u00e0 des conf\u00e9rences de haut niveau scientifique et technique qui accueilleront des intervenants ind\u00e9pendants : chirurgiens, chercheurs et industriels innovants. Ces pr\u00e9sentations techniques et t\u00e9moignages vous&nbsp;aideront \u00e0 faire vos choix parmi les avanc\u00e9es th\u00e9rapeutiques et les possibilit\u00e9s techniques [&hellip;]<\/p>\n","protected":false},"author":1,"featured_media":0,"parent":0,"menu_order":0,"comment_status":"closed","ping_status":"closed","template":"page.php","meta":{"footnotes":""},"class_list":["post-2860","page","type-page","status-publish","hentry"],"acf":[],"featured_image_urls_v2":{"full":"","thumbnail":"","medium":"","medium_large":"","large":"","1536x1536":"","2048x2048":""},"post_excerpt_stackable_v2":"<p>Durant 1 jour et demi, le 28 avril&nbsp;toute la journ\u00e9e et le 29 avril le matin,&nbsp;vous pourrez assister&nbsp;\u00e0 des conf\u00e9rences de haut niveau scientifique et technique qui accueilleront des intervenants ind\u00e9pendants : chirurgiens, chercheurs et industriels innovants. Ces pr\u00e9sentations techniques et t\u00e9moignages vous&nbsp;aideront \u00e0 faire vos choix parmi les avanc\u00e9es th\u00e9rapeutiques et les possibilit\u00e9s techniques r\u00e9elles avec leurs limites et leurs obligations r\u00e9glementaires. Le programme des conf\u00e9rences 2021 n&rsquo;est pas encore confirm\u00e9 mais sera proche de celui pr\u00e9vu pour 2020. Consultez-le : [MEET THE EXPERT] Programme 2020 Notre comit\u00e9 scientifique 2021 : Dr. Lukas Eschbach PhD \/ MSc ETH \/\u2026<\/p>\n","category_list_v2":"","author_info_v2":{"name":"Les Imageurs","url":"https:\/\/www.orthomanufacture.com\/2020\/blog\/author\/ortho_imanufacture\/"},"comments_num_v2":"0 commentaire","_links":{"self":[{"href":"https:\/\/www.orthomanufacture.com\/2020\/wp-json\/wp\/v2\/pages\/2860","targetHints":{"allow":["GET"]}}],"collection":[{"href":"https:\/\/www.orthomanufacture.com\/2020\/wp-json\/wp\/v2\/pages"}],"about":[{"href":"https:\/\/www.orthomanufacture.com\/2020\/wp-json\/wp\/v2\/types\/page"}],"author":[{"embeddable":true,"href":"https:\/\/www.orthomanufacture.com\/2020\/wp-json\/wp\/v2\/users\/1"}],"replies":[{"embeddable":true,"href":"https:\/\/www.orthomanufacture.com\/2020\/wp-json\/wp\/v2\/comments?post=2860"}],"version-history":[{"count":0,"href":"https:\/\/www.orthomanufacture.com\/2020\/wp-json\/wp\/v2\/pages\/2860\/revisions"}],"wp:attachment":[{"href":"https:\/\/www.orthomanufacture.com\/2020\/wp-json\/wp\/v2\/media?parent=2860"}],"curies":[{"name":"wp","href":"https:\/\/api.w.org\/{rel}","templated":true}]}}